{"id":935,"date":"2018-10-25T07:05:21","date_gmt":"2018-10-25T05:05:21","guid":{"rendered":"http:\/\/caroccitan.fr\/web\/?page_id=935"},"modified":"2025-07-30T11:49:12","modified_gmt":"2025-07-30T09:49:12","slug":"liens","status":"publish","type":"page","link":"https:\/\/caroccitan.fr\/web\/liens\/","title":{"rendered":"Liens\/Presse"},"content":{"rendered":"<p>[vc_row][vc_column css_animation=&#8221;fadeInLeft&#8221; width=&#8221;1\/2&#8243;][vc_custom_heading text=&#8221;PRESSE&#8221; font_container=&#8221;tag:h2|font_size:40|text_align:left|color:%23b40911&#8243; use_theme_fonts=&#8221;yes&#8221;][vc_column_text]<\/p>\n<p style=\"text-align: left;\"><a href=\"https:\/\/www.letarnlibre.com\/lisle-sur-tarn-le-car-occitan-en-mode-40-ans\/\" target=\"_blank\" rel=\"noopener\">Lisle-sur-Tarn. Lisle-sur-Tarn : le CAR Occitan en mode \u00ab 40 ans \u00bb<\/a><\/p>\n<figure id=\"attachment_3721\" aria-describedby=\"caption-attachment-3721\" style=\"width: 182px\" class=\"wp-caption alignleft\"><a href=\"https:\/\/caroccitan.fr\/web\/wp-content\/uploads\/2025\/07\/CAR-de-France-scaled.jpg\"><img loading=\"lazy\" decoding=\"async\" class=\"wp-image-3721 size-medium\" src=\"https:\/\/caroccitan.fr\/web\/wp-content\/uploads\/2025\/07\/CAR-de-France-182x300.jpg\" alt=\"\" width=\"182\" height=\"300\" srcset=\"https:\/\/caroccitan.fr\/web\/wp-content\/uploads\/2025\/07\/CAR-de-France-182x300.jpg 182w, https:\/\/caroccitan.fr\/web\/wp-content\/uploads\/2025\/07\/CAR-de-France-622x1024.jpg 622w, https:\/\/caroccitan.fr\/web\/wp-content\/uploads\/2025\/07\/CAR-de-France-768x1265.jpg 768w, https:\/\/caroccitan.fr\/web\/wp-content\/uploads\/2025\/07\/CAR-de-France-933x1536.jpg 933w, https:\/\/caroccitan.fr\/web\/wp-content\/uploads\/2025\/07\/CAR-de-France-1244x2048.jpg 1244w, https:\/\/caroccitan.fr\/web\/wp-content\/uploads\/2025\/07\/CAR-de-France-293x483.jpg 293w, https:\/\/caroccitan.fr\/web\/wp-content\/uploads\/2025\/07\/CAR-de-France-158x261.jpg 158w, https:\/\/caroccitan.fr\/web\/wp-content\/uploads\/2025\/07\/CAR-de-France-177x291.jpg 177w, https:\/\/caroccitan.fr\/web\/wp-content\/uploads\/2025\/07\/CAR-de-France-scaled.jpg 1555w\" sizes=\"(max-width: 182px) 100vw, 182px\" \/><\/a><figcaption id=\"caption-attachment-3721\" class=\"wp-caption-text\">2025-07 Tarn libre<\/figcaption><\/figure>\n<figure id=\"attachment_3389\" aria-describedby=\"caption-attachment-3389\" style=\"width: 154px\" class=\"wp-caption alignleft\"><a href=\"https:\/\/caroccitan.fr\/web\/wp-content\/uploads\/2024\/08\/2024-08-30-Tarn-Libre-scaled.jpg\" target=\"_blank\" rel=\"noopener\"><img loading=\"lazy\" decoding=\"async\" class=\"wp-image-3389 \" src=\"https:\/\/caroccitan.fr\/web\/wp-content\/uploads\/2024\/08\/2024-08-30-Tarn-Libre-179x300.jpg\" alt=\"\" width=\"154\" height=\"258\" srcset=\"https:\/\/caroccitan.fr\/web\/wp-content\/uploads\/2024\/08\/2024-08-30-Tarn-Libre-179x300.jpg 179w, https:\/\/caroccitan.fr\/web\/wp-content\/uploads\/2024\/08\/2024-08-30-Tarn-Libre-611x1024.jpg 611w, https:\/\/caroccitan.fr\/web\/wp-content\/uploads\/2024\/08\/2024-08-30-Tarn-Libre-768x1287.jpg 768w, https:\/\/caroccitan.fr\/web\/wp-content\/uploads\/2024\/08\/2024-08-30-Tarn-Libre-917x1536.jpg 917w, https:\/\/caroccitan.fr\/web\/wp-content\/uploads\/2024\/08\/2024-08-30-Tarn-Libre-1222x2048.jpg 1222w, https:\/\/caroccitan.fr\/web\/wp-content\/uploads\/2024\/08\/2024-08-30-Tarn-Libre-288x483.jpg 288w, https:\/\/caroccitan.fr\/web\/wp-content\/uploads\/2024\/08\/2024-08-30-Tarn-Libre-156x261.jpg 156w, https:\/\/caroccitan.fr\/web\/wp-content\/uploads\/2024\/08\/2024-08-30-Tarn-Libre-174x291.jpg 174w, https:\/\/caroccitan.fr\/web\/wp-content\/uploads\/2024\/08\/2024-08-30-Tarn-Libre-scaled.jpg 1528w\" sizes=\"(max-width: 154px) 100vw, 154px\" \/><\/a><figcaption id=\"caption-attachment-3389\" class=\"wp-caption-text\">2024-08-30 Tarn-Libre<\/figcaption><\/figure>\n<figure id=\"attachment_3385\" aria-describedby=\"caption-attachment-3385\" style=\"width: 217px\" class=\"wp-caption alignleft\"><a href=\"https:\/\/caroccitan.fr\/web\/wp-content\/uploads\/2024\/08\/2024-08-23-art.-Midi-Libre.png\" target=\"_blank\" rel=\"noopener\"><img loading=\"lazy\" decoding=\"async\" class=\"wp-image-3385 \" src=\"https:\/\/caroccitan.fr\/web\/wp-content\/uploads\/2024\/08\/2024-08-23-art.-Midi-Libre-300x155.png\" alt=\"\" width=\"217\" height=\"112\" srcset=\"https:\/\/caroccitan.fr\/web\/wp-content\/uploads\/2024\/08\/2024-08-23-art.-Midi-Libre-300x155.png 300w, https:\/\/caroccitan.fr\/web\/wp-content\/uploads\/2024\/08\/2024-08-23-art.-Midi-Libre-1024x529.png 1024w, https:\/\/caroccitan.fr\/web\/wp-content\/uploads\/2024\/08\/2024-08-23-art.-Midi-Libre-768x397.png 768w, https:\/\/caroccitan.fr\/web\/wp-content\/uploads\/2024\/08\/2024-08-23-art.-Midi-Libre-870x450.png 870w, https:\/\/caroccitan.fr\/web\/wp-content\/uploads\/2024\/08\/2024-08-23-art.-Midi-Libre-483x250.png 483w, https:\/\/caroccitan.fr\/web\/wp-content\/uploads\/2024\/08\/2024-08-23-art.-Midi-Libre-462x239.png 462w, https:\/\/caroccitan.fr\/web\/wp-content\/uploads\/2024\/08\/2024-08-23-art.-Midi-Libre.png 1416w\" sizes=\"(max-width: 217px) 100vw, 217px\" \/><\/a><figcaption id=\"caption-attachment-3385\" class=\"wp-caption-text\">2024-08-23<\/figcaption><\/figure>\n<figure id=\"attachment_3383\" aria-describedby=\"caption-attachment-3383\" style=\"width: 141px\" class=\"wp-caption alignleft\"><a href=\"https:\/\/caroccitan.fr\/web\/wp-content\/uploads\/2024\/08\/2024-07-26-actu-5-scaled.jpg\" target=\"_blank\" rel=\"noopener\"><img loading=\"lazy\" decoding=\"async\" class=\"wp-image-3383 size-medium\" src=\"https:\/\/caroccitan.fr\/web\/wp-content\/uploads\/2024\/08\/2024-07-26-actu-5-141x300.jpg\" alt=\"\" width=\"141\" height=\"300\" srcset=\"https:\/\/caroccitan.fr\/web\/wp-content\/uploads\/2024\/08\/2024-07-26-actu-5-141x300.jpg 141w, https:\/\/caroccitan.fr\/web\/wp-content\/uploads\/2024\/08\/2024-07-26-actu-5-481x1024.jpg 481w, https:\/\/caroccitan.fr\/web\/wp-content\/uploads\/2024\/08\/2024-07-26-actu-5-768x1636.jpg 768w, https:\/\/caroccitan.fr\/web\/wp-content\/uploads\/2024\/08\/2024-07-26-actu-5-721x1536.jpg 721w, https:\/\/caroccitan.fr\/web\/wp-content\/uploads\/2024\/08\/2024-07-26-actu-5-962x2048.jpg 962w, https:\/\/caroccitan.fr\/web\/wp-content\/uploads\/2024\/08\/2024-07-26-actu-5-227x483.jpg 227w, https:\/\/caroccitan.fr\/web\/wp-content\/uploads\/2024\/08\/2024-07-26-actu-5-123x261.jpg 123w, https:\/\/caroccitan.fr\/web\/wp-content\/uploads\/2024\/08\/2024-07-26-actu-5-137x291.jpg 137w, https:\/\/caroccitan.fr\/web\/wp-content\/uploads\/2024\/08\/2024-07-26-actu-5-scaled.jpg 1202w\" sizes=\"(max-width: 141px) 100vw, 141px\" \/><\/a><figcaption id=\"caption-attachment-3383\" class=\"wp-caption-text\">2024-07-06<\/figcaption><\/figure>\n<figure id=\"attachment_3382\" aria-describedby=\"caption-attachment-3382\" style=\"width: 196px\" class=\"wp-caption alignleft\"><a href=\"https:\/\/caroccitan.fr\/web\/wp-content\/uploads\/2024\/08\/2024-01-05-art.-LTL-scaled.jpg\" target=\"_blank\" rel=\"noopener\"><img loading=\"lazy\" decoding=\"async\" class=\"wp-image-3382 size-medium\" src=\"https:\/\/caroccitan.fr\/web\/wp-content\/uploads\/2024\/08\/2024-01-05-art.-LTL-196x300.jpg\" alt=\"\" width=\"196\" height=\"300\" srcset=\"https:\/\/caroccitan.fr\/web\/wp-content\/uploads\/2024\/08\/2024-01-05-art.-LTL-196x300.jpg 196w, https:\/\/caroccitan.fr\/web\/wp-content\/uploads\/2024\/08\/2024-01-05-art.-LTL-667x1024.jpg 667w, https:\/\/caroccitan.fr\/web\/wp-content\/uploads\/2024\/08\/2024-01-05-art.-LTL-768x1178.jpg 768w, https:\/\/caroccitan.fr\/web\/wp-content\/uploads\/2024\/08\/2024-01-05-art.-LTL-1001x1536.jpg 1001w, https:\/\/caroccitan.fr\/web\/wp-content\/uploads\/2024\/08\/2024-01-05-art.-LTL-1335x2048.jpg 1335w, https:\/\/caroccitan.fr\/web\/wp-content\/uploads\/2024\/08\/2024-01-05-art.-LTL-315x483.jpg 315w, https:\/\/caroccitan.fr\/web\/wp-content\/uploads\/2024\/08\/2024-01-05-art.-LTL-170x261.jpg 170w, https:\/\/caroccitan.fr\/web\/wp-content\/uploads\/2024\/08\/2024-01-05-art.-LTL-190x291.jpg 190w, https:\/\/caroccitan.fr\/web\/wp-content\/uploads\/2024\/08\/2024-01-05-art.-LTL-scaled.jpg 1669w\" sizes=\"(max-width: 196px) 100vw, 196px\" \/><\/a><figcaption id=\"caption-attachment-3382\" class=\"wp-caption-text\">2024-01-05<\/figcaption><\/figure>\n<figure id=\"attachment_3381\" aria-describedby=\"caption-attachment-3381\" style=\"width: 275px\" class=\"wp-caption alignnone\"><a href=\"https:\/\/caroccitan.fr\/web\/wp-content\/uploads\/2024\/08\/2023-02-10-actu1-scaled.jpg\" target=\"_blank\" rel=\"noopener\"><img loading=\"lazy\" decoding=\"async\" class=\"wp-image-3381 size-medium\" src=\"https:\/\/caroccitan.fr\/web\/wp-content\/uploads\/2024\/08\/2023-02-10-actu1-275x300.jpg\" alt=\"\" width=\"275\" height=\"300\" srcset=\"https:\/\/caroccitan.fr\/web\/wp-content\/uploads\/2024\/08\/2023-02-10-actu1-275x300.jpg 275w, https:\/\/caroccitan.fr\/web\/wp-content\/uploads\/2024\/08\/2023-02-10-actu1-939x1024.jpg 939w, https:\/\/caroccitan.fr\/web\/wp-content\/uploads\/2024\/08\/2023-02-10-actu1-768x838.jpg 768w, https:\/\/caroccitan.fr\/web\/wp-content\/uploads\/2024\/08\/2023-02-10-actu1-1408x1536.jpg 1408w, https:\/\/caroccitan.fr\/web\/wp-content\/uploads\/2024\/08\/2023-02-10-actu1-1877x2048.jpg 1877w, https:\/\/caroccitan.fr\/web\/wp-content\/uploads\/2024\/08\/2023-02-10-actu1-443x483.jpg 443w, https:\/\/caroccitan.fr\/web\/wp-content\/uploads\/2024\/08\/2023-02-10-actu1-239x261.jpg 239w, https:\/\/caroccitan.fr\/web\/wp-content\/uploads\/2024\/08\/2023-02-10-actu1-267x291.jpg 267w\" sizes=\"(max-width: 275px) 100vw, 275px\" \/><\/a><figcaption id=\"caption-attachment-3381\" class=\"wp-caption-text\">2023-02-10<\/figcaption><\/figure>\n<p>[\/vc_column_text][\/vc_column][vc_column width=&#8221;1\/2&#8243;][vc_custom_heading text=&#8221; LIENS&#8221; font_container=&#8221;tag:h2|font_size:40|text_align:left|color:%23b40911&#8243; use_theme_fonts=&#8221;yes&#8221;][vc_column_text]<\/p>\n<ul>\n<li>\n<div class=\"banner-bg\">\n<div class=\"banner-head flex flex--vAlign flex--nowrap \">\n<div class=\"banner-text\">\n<p><strong data-wp-editing=\"1\"><span class=\"banner-subtitle\"><a href=\"https:\/\/www.moncontroletechnique.fr\/centre\/mon-controle-technique-lisle-sur-tarn\" target=\"_blank\" rel=\"noopener\"><img loading=\"lazy\" decoding=\"async\" class=\"alignnone wp-image-3722\" src=\"https:\/\/caroccitan.fr\/web\/wp-content\/uploads\/2025\/07\/controle-technique-pas-cher-lisle-sur-tarn-mon-controle-technique-l-isle-sur-tarn-logo-288x300.jpg\" alt=\"\" width=\"54\" height=\"56\" srcset=\"https:\/\/caroccitan.fr\/web\/wp-content\/uploads\/2025\/07\/controle-technique-pas-cher-lisle-sur-tarn-mon-controle-technique-l-isle-sur-tarn-logo-288x300.jpg 288w, https:\/\/caroccitan.fr\/web\/wp-content\/uploads\/2025\/07\/controle-technique-pas-cher-lisle-sur-tarn-mon-controle-technique-l-isle-sur-tarn-logo-463x483.jpg 463w, https:\/\/caroccitan.fr\/web\/wp-content\/uploads\/2025\/07\/controle-technique-pas-cher-lisle-sur-tarn-mon-controle-technique-l-isle-sur-tarn-logo-250x261.jpg 250w, https:\/\/caroccitan.fr\/web\/wp-content\/uploads\/2025\/07\/controle-technique-pas-cher-lisle-sur-tarn-mon-controle-technique-l-isle-sur-tarn-logo-279x291.jpg 279w, https:\/\/caroccitan.fr\/web\/wp-content\/uploads\/2025\/07\/controle-technique-pas-cher-lisle-sur-tarn-mon-controle-technique-l-isle-sur-tarn-logo.jpg 575w\" sizes=\"(max-width: 54px) 100vw, 54px\" \/><\/a><\/span><\/strong><span class=\"banner-subtitle\"><a href=\"https:\/\/www.moncontroletechnique.fr\/centre\/mon-controle-technique-lisle-sur-tarn\" target=\"_blank\" rel=\"noopener\"> Mon Contr\u00f4le Technique LISLE SUR<\/a><\/span><span class=\"banner-subtitle\"><a href=\"https:\/\/www.moncontroletechnique.fr\/centre\/mon-controle-technique-lisle-sur-tarn\" target=\"_blank\" rel=\"noopener\"> TARN <\/a><\/span><\/p>\n<\/div>\n<\/div>\n<\/div>\n<\/li>\n<li><a href=\"http:\/\/www.ville-lisle-sur-tarn.fr\/\" target=\"_blank\" rel=\"noopener noreferrer\"><img loading=\"lazy\" decoding=\"async\" class=\"alignnone wp-image-1696\" src=\"http:\/\/caroccitan.fr\/web\/wp-content\/uploads\/2018\/03\/logo-lisle-tarn-footer.png\" alt=\"\" width=\"116\" height=\"49\" \/><\/a><a href=\"http:\/\/www.ville-lisle-sur-tarn.fr\/\" target=\"_blank\" rel=\"noopener noreferrer\">\u00a0 Ville de\u00a0 Lisle-sur-Tarn<\/a> \u00a0\u00a0\u00a0\u00a0\u00a0\u00a0\u00a0\u00a0\u00a0\u00a0\u00a0\u00a0\u00a0\u00a0\u00a0\u00a0\u00a0\u00a0\u00a0<strong> .<\/strong> <a href=\"http:\/\/www.occitanie-tribune.com\/villes\/12-tarn\" target=\"_blank\" rel=\"noopener noreferrer\"><img loading=\"lazy\" decoding=\"async\" class=\"alignnone wp-image-1740\" src=\"https:\/\/caroccitan.fr\/web\/wp-content\/uploads\/2018\/03\/occitane-tribune-300x115.png\" alt=\"\" width=\"141\" height=\"54\" \/>\u00a0 occitanie-tribune<\/a><\/li>\n<li><a href=\"http:\/\/www.ffve.org\/\" target=\"_blank\" rel=\"noopener noreferrer\"><img loading=\"lazy\" decoding=\"async\" class=\"alignnone wp-image-1691\" src=\"http:\/\/caroccitan.fr\/web\/wp-content\/uploads\/2018\/03\/FFVE-e1521619405312.gif\" alt=\"\" width=\"84\" height=\"56\" \/><\/a><a href=\"http:\/\/www.ffve.org\/\" target=\"_blank\" rel=\"noopener noreferrer\">F\u00e9d\u00e9ration<\/a><a href=\"http:\/\/www.ffve.org\/\" target=\"_blank\" rel=\"noopener noreferrer\">Fran\u00e7aise des V\u00e9hicules d&#8217;\u00c9poque (FVE)&#8217;\u00a0<\/a><\/li>\n<li><a href=\"https:\/\/www.lva-auto.fr\/\" target=\"_blank\" rel=\"noopener\"><img loading=\"lazy\" decoding=\"async\" class=\"wp-image-2985 alignleft\" src=\"https:\/\/caroccitan.fr\/web\/wp-content\/uploads\/2022\/09\/lva-300x30.jpg\" alt=\"\" width=\"420\" height=\"42\" srcset=\"https:\/\/caroccitan.fr\/web\/wp-content\/uploads\/2022\/09\/lva-300x30.jpg 300w, https:\/\/caroccitan.fr\/web\/wp-content\/uploads\/2022\/09\/lva-768x78.jpg 768w, https:\/\/caroccitan.fr\/web\/wp-content\/uploads\/2022\/09\/lva-870x88.jpg 870w, https:\/\/caroccitan.fr\/web\/wp-content\/uploads\/2022\/09\/lva-483x49.jpg 483w, https:\/\/caroccitan.fr\/web\/wp-content\/uploads\/2022\/09\/lva-462x47.jpg 462w, https:\/\/caroccitan.fr\/web\/wp-content\/uploads\/2022\/09\/lva.jpg 986w\" sizes=\"(max-width: 420px) 100vw, 420px\" \/> <\/a><a href=\"https:\/\/www.lva-auto.fr\/\">lva-auto.fr<\/a><\/li>\n<\/ul>\n<p>&nbsp;<\/p>\n<ul>\n<li><a href=\"https:\/\/www.losangemagazine.com\/?lang=fr_FR\" target=\"_blank\" rel=\"noopener noreferrer\"><img loading=\"lazy\" decoding=\"async\" class=\"wp-image-2155 alignleft\" src=\"https:\/\/caroccitan.fr\/web\/wp-content\/uploads\/2018\/10\/logo_losange_magazine_klein-1-300x79.png\" alt=\"\" width=\"212\" height=\"56\" srcset=\"https:\/\/caroccitan.fr\/web\/wp-content\/uploads\/2018\/10\/logo_losange_magazine_klein-1-300x79.png 300w, https:\/\/caroccitan.fr\/web\/wp-content\/uploads\/2018\/10\/logo_losange_magazine_klein-1-483x127.png 483w, https:\/\/caroccitan.fr\/web\/wp-content\/uploads\/2018\/10\/logo_losange_magazine_klein-1-462x122.png 462w, https:\/\/caroccitan.fr\/web\/wp-content\/uploads\/2018\/10\/logo_losange_magazine_klein-1.png 591w\" sizes=\"(max-width: 212px) 100vw, 212px\" \/> losange magazine<\/a><\/li>\n<\/ul>\n<p>&nbsp;<\/p>\n<ul>\n<li style=\"text-align: left;\">\n<h5><a href=\"http:\/\/www.avag81.com\/\" target=\"_blank\" rel=\"noopener\"><img loading=\"lazy\" decoding=\"async\" class=\"alignnone wp-image-3090\" src=\"https:\/\/caroccitan.fr\/web\/wp-content\/uploads\/2023\/04\/avag-e1690696442441.jpg\" alt=\"\" width=\"78\" height=\"78\" srcset=\"https:\/\/caroccitan.fr\/web\/wp-content\/uploads\/2023\/04\/avag-e1690696442441.jpg 200w, https:\/\/caroccitan.fr\/web\/wp-content\/uploads\/2023\/04\/avag-e1690696442441-150x150.jpg 150w, https:\/\/caroccitan.fr\/web\/wp-content\/uploads\/2023\/04\/avag-e1690696442441-45x45.jpg 45w\" sizes=\"(max-width: 78px) 100vw, 78px\" \/>avag81 <\/a><a href=\"http:\/\/clubrenaultbordeaux.free.fr\/\" target=\"_blank\" rel=\"noopener noreferrer\"><img loading=\"lazy\" decoding=\"async\" class=\"alignnone wp-image-1704\" src=\"http:\/\/caroccitan.fr\/web\/wp-content\/uploads\/2018\/03\/logoclub-300x298.gif\" alt=\"\" width=\"56\" height=\"56\" \/>C.A.R Bordeaux<\/a><a href=\"https:\/\/www.anciennesrenault.com\/\" target=\"_blank\" rel=\"noopener\"><img loading=\"lazy\" decoding=\"async\" class=\"alignnone wp-image-1702\" src=\"http:\/\/caroccitan.fr\/web\/wp-content\/uploads\/2018\/03\/nouveaulogo-d40a7880-e1521634821337.gif\" alt=\"\" width=\"53\" height=\"56\" \/> Club des Amateur d&#8217;anciennes Renault<\/a><\/h5>\n<\/li>\n<li><b>\u00a0 \u00a0<\/b><a href=\"http:\/\/www.r4-4l.com\/\" target=\"_blank\" rel=\"noopener noreferrer\"><img loading=\"lazy\" decoding=\"async\" class=\"alignnone wp-image-1693\" src=\"http:\/\/caroccitan.fr\/web\/wp-content\/uploads\/2018\/03\/Historique2222-CAR-Occitan_sxw_6f0598bb-e1521629778840.png\" alt=\"\" width=\"56\" height=\"56\" \/>\u00a04L-R6 Le Club de France<\/a><\/li>\n<li><b>\u00a0 \u00a0<\/b><a href=\"http:\/\/www.renaultoloog.nl\/renaultoloog-francais.htm\" target=\"_blank\" rel=\"noopener noreferrer\"><img loading=\"lazy\" decoding=\"async\" class=\"wp-image-1692 alignnone\" src=\"http:\/\/caroccitan.fr\/web\/wp-content\/uploads\/2018\/03\/Renaultoloog-221x300.jpg\" alt=\"\" width=\"51\" height=\"69\" \/>\u00a0RENAULTOLOOG<\/a><\/li>\n<\/ul>\n<p><b>\u2714\u00a0<\/b><a href=\"http:\/\/www.4cv-renault.com\/\" target=\"_blank\" rel=\"noopener noreferrer\">4CV-renault.com<\/a><\/p>\n<p><b>\u2714\u00a0<\/b><a href=\"http:\/\/vsv.free.fr\/\" target=\"_blank\" rel=\"noopener noreferrer\">Les Vielles Soupapes du Voironnais<\/a><\/p>\n<p><b>\u2714 <\/b><a href=\"http:\/\/www.renault-5.net\/\" target=\"_blank\" rel=\"noopener noreferrer\">\u00a0Renault-5<\/a>[\/vc_column_text][vc_widget_sidebar sidebar_id=&#8221;blog_sideber&#8221;][\/vc_column][\/vc_row]<\/p>\n","protected":false},"excerpt":{"rendered":"<p>[vc_row][vc_column css_animation=&#8221;fadeInLeft&#8221; width=&#8221;1\/2&#8243;][vc_custom_heading text=&#8221;PRESSE&#8221; font_container=&#8221;tag:h2|font_size:40|text_align:left|color:%23b40911&#8243; use_theme_fonts=&#8221;yes&#8221;][vc_column_text] Lisle-sur-Tarn. Lisle-sur-Tarn : le CAR Occitan en mode \u00ab 40 ans \u00bb [\/vc_column_text][\/vc_column][vc_column width=&#8221;1\/2&#8243;][vc_custom_heading text=&#8221; LIENS&#8221; font_container=&#8221;tag:h2|font_size:40|text_align:left|color:%23b40911&#8243; use_theme_fonts=&#8221;yes&#8221;][vc_column_text] Mon Contr\u00f4le Technique LISLE SUR TARN \u00a0 Ville de\u00a0 Lisle-sur-Tarn \u00a0\u00a0\u00a0\u00a0\u00a0\u00a0\u00a0\u00a0\u00a0\u00a0\u00a0\u00a0\u00a0\u00a0\u00a0\u00a0\u00a0\u00a0\u00a0 . \u00a0 occitanie-tribune F\u00e9d\u00e9rationFran\u00e7aise des V\u00e9hicules d&#8217;\u00c9poque (FVE)&#8217;\u00a0 lva-auto.fr &nbsp; losange magazine &nbsp; avag81 C.A.R Bordeaux Club des Amateur d&#8217;anciennes [&hellip;]<\/p>\n","protected":false},"author":2,"featured_media":0,"parent":0,"menu_order":0,"comment_status":"closed","ping_status":"closed","template":"","meta":{"footnotes":""},"yoast_head":"<!-- This site is optimized with the Yoast SEO plugin v20.4 - https:\/\/yoast.com\/wordpress\/plugins\/seo\/ -->\n<title>Liens\/Presse - C.A.R Occitan<\/title>\n<meta name=\"robots\" content=\"index, follow, max-snippet:-1, max-image-preview:large, max-video-preview:-1\" \/>\n<link rel=\"canonical\" href=\"https:\/\/caroccitan.fr\/web\/liens\/\" \/>\n<meta property=\"og:locale\" content=\"fr_FR\" \/>\n<meta property=\"og:type\" content=\"article\" \/>\n<meta property=\"og:title\" content=\"Liens\/Presse - C.A.R Occitan\" \/>\n<meta property=\"og:description\" content=\"[vc_row][vc_column css_animation=&#8221;fadeInLeft&#8221; width=&#8221;1\/2&#8243;][vc_custom_heading text=&#8221;PRESSE&#8221; font_container=&#8221;tag:h2|font_size:40|text_align:left|color:%23b40911&#8243; use_theme_fonts=&#8221;yes&#8221;][vc_column_text] Lisle-sur-Tarn. Lisle-sur-Tarn : le CAR Occitan en mode \u00ab 40 ans \u00bb [\/vc_column_text][\/vc_column][vc_column width=&#8221;1\/2&#8243;][vc_custom_heading text=&#8221; LIENS&#8221; font_container=&#8221;tag:h2|font_size:40|text_align:left|color:%23b40911&#8243; use_theme_fonts=&#8221;yes&#8221;][vc_column_text] Mon Contr\u00f4le Technique LISLE SUR TARN \u00a0 Ville de\u00a0 Lisle-sur-Tarn \u00a0\u00a0\u00a0\u00a0\u00a0\u00a0\u00a0\u00a0\u00a0\u00a0\u00a0\u00a0\u00a0\u00a0\u00a0\u00a0\u00a0\u00a0\u00a0 . \u00a0 occitanie-tribune F\u00e9d\u00e9rationFran\u00e7aise des V\u00e9hicules d&#8217;\u00c9poque (FVE)&#8217;\u00a0 lva-auto.fr &nbsp; losange magazine &nbsp; avag81 C.A.R Bordeaux Club des Amateur d&#8217;anciennes [&hellip;]\" \/>\n<meta property=\"og:url\" content=\"https:\/\/caroccitan.fr\/web\/liens\/\" \/>\n<meta property=\"og:site_name\" content=\"C.A.R Occitan\" \/>\n<meta property=\"article:modified_time\" content=\"2025-07-30T09:49:12+00:00\" \/>\n<meta property=\"og:image\" content=\"https:\/\/caroccitan.fr\/web\/wp-content\/uploads\/2025\/07\/CAR-de-France-182x300.jpg\" \/>\n<meta name=\"twitter:card\" content=\"summary_large_image\" \/>\n<meta name=\"twitter:label1\" content=\"Dur\u00e9e de lecture estim\u00e9e\" \/>\n\t<meta name=\"twitter:data1\" content=\"4 minutes\" \/>\n<script type=\"application\/ld+json\" class=\"yoast-schema-graph\">{\"@context\":\"https:\/\/schema.org\",\"@graph\":[{\"@type\":\"WebPage\",\"@id\":\"https:\/\/caroccitan.fr\/web\/liens\/\",\"url\":\"https:\/\/caroccitan.fr\/web\/liens\/\",\"name\":\"Liens\/Presse - C.A.R Occitan\",\"isPartOf\":{\"@id\":\"https:\/\/caroccitan.fr\/web\/#website\"},\"datePublished\":\"2018-10-25T05:05:21+00:00\",\"dateModified\":\"2025-07-30T09:49:12+00:00\",\"breadcrumb\":{\"@id\":\"https:\/\/caroccitan.fr\/web\/liens\/#breadcrumb\"},\"inLanguage\":\"fr-FR\",\"potentialAction\":[{\"@type\":\"ReadAction\",\"target\":[\"https:\/\/caroccitan.fr\/web\/liens\/\"]}]},{\"@type\":\"BreadcrumbList\",\"@id\":\"https:\/\/caroccitan.fr\/web\/liens\/#breadcrumb\",\"itemListElement\":[{\"@type\":\"ListItem\",\"position\":1,\"name\":\"Accueil\",\"item\":\"https:\/\/caroccitan.fr\/web\/\"},{\"@type\":\"ListItem\",\"position\":2,\"name\":\"Liens\/Presse\"}]},{\"@type\":\"WebSite\",\"@id\":\"https:\/\/caroccitan.fr\/web\/#website\",\"url\":\"https:\/\/caroccitan.fr\/web\/\",\"name\":\"C.A.R Occitan\",\"description\":\"Club des  Amateurs d&#039;Anciennes Renault\",\"publisher\":{\"@id\":\"https:\/\/caroccitan.fr\/web\/#organization\"},\"potentialAction\":[{\"@type\":\"SearchAction\",\"target\":{\"@type\":\"EntryPoint\",\"urlTemplate\":\"https:\/\/caroccitan.fr\/web\/?s={search_term_string}\"},\"query-input\":\"required name=search_term_string\"}],\"inLanguage\":\"fr-FR\"},{\"@type\":\"Organization\",\"@id\":\"https:\/\/caroccitan.fr\/web\/#organization\",\"name\":\"CAR OCCITAN\",\"url\":\"https:\/\/caroccitan.fr\/web\/\",\"logo\":{\"@type\":\"ImageObject\",\"inLanguage\":\"fr-FR\",\"@id\":\"https:\/\/caroccitan.fr\/web\/#\/schema\/logo\/image\/\",\"url\":\"https:\/\/caroccitan.fr\/web\/wp-content\/uploads\/2018\/02\/historique1.jpg\",\"contentUrl\":\"https:\/\/caroccitan.fr\/web\/wp-content\/uploads\/2018\/02\/historique1.jpg\",\"width\":150,\"height\":152,\"caption\":\"CAR OCCITAN\"},\"image\":{\"@id\":\"https:\/\/caroccitan.fr\/web\/#\/schema\/logo\/image\/\"}}]}<\/script>\n<!-- \/ Yoast SEO plugin. -->","yoast_head_json":{"title":"Liens\/Presse - C.A.R Occitan","robots":{"index":"index","follow":"follow","max-snippet":"max-snippet:-1","max-image-preview":"max-image-preview:large","max-video-preview":"max-video-preview:-1"},"canonical":"https:\/\/caroccitan.fr\/web\/liens\/","og_locale":"fr_FR","og_type":"article","og_title":"Liens\/Presse - C.A.R Occitan","og_description":"[vc_row][vc_column css_animation=&#8221;fadeInLeft&#8221; width=&#8221;1\/2&#8243;][vc_custom_heading text=&#8221;PRESSE&#8221; font_container=&#8221;tag:h2|font_size:40|text_align:left|color:%23b40911&#8243; use_theme_fonts=&#8221;yes&#8221;][vc_column_text] Lisle-sur-Tarn. Lisle-sur-Tarn : le CAR Occitan en mode \u00ab 40 ans \u00bb [\/vc_column_text][\/vc_column][vc_column width=&#8221;1\/2&#8243;][vc_custom_heading text=&#8221; LIENS&#8221; font_container=&#8221;tag:h2|font_size:40|text_align:left|color:%23b40911&#8243; use_theme_fonts=&#8221;yes&#8221;][vc_column_text] Mon Contr\u00f4le Technique LISLE SUR TARN \u00a0 Ville de\u00a0 Lisle-sur-Tarn \u00a0\u00a0\u00a0\u00a0\u00a0\u00a0\u00a0\u00a0\u00a0\u00a0\u00a0\u00a0\u00a0\u00a0\u00a0\u00a0\u00a0\u00a0\u00a0 . \u00a0 occitanie-tribune F\u00e9d\u00e9rationFran\u00e7aise des V\u00e9hicules d&#8217;\u00c9poque (FVE)&#8217;\u00a0 lva-auto.fr &nbsp; losange magazine &nbsp; avag81 C.A.R Bordeaux Club des Amateur d&#8217;anciennes [&hellip;]","og_url":"https:\/\/caroccitan.fr\/web\/liens\/","og_site_name":"C.A.R Occitan","article_modified_time":"2025-07-30T09:49:12+00:00","og_image":[{"url":"https:\/\/caroccitan.fr\/web\/wp-content\/uploads\/2025\/07\/CAR-de-France-182x300.jpg"}],"twitter_card":"summary_large_image","twitter_misc":{"Dur\u00e9e de lecture estim\u00e9e":"4 minutes"},"schema":{"@context":"https:\/\/schema.org","@graph":[{"@type":"WebPage","@id":"https:\/\/caroccitan.fr\/web\/liens\/","url":"https:\/\/caroccitan.fr\/web\/liens\/","name":"Liens\/Presse - C.A.R Occitan","isPartOf":{"@id":"https:\/\/caroccitan.fr\/web\/#website"},"datePublished":"2018-10-25T05:05:21+00:00","dateModified":"2025-07-30T09:49:12+00:00","breadcrumb":{"@id":"https:\/\/caroccitan.fr\/web\/liens\/#breadcrumb"},"inLanguage":"fr-FR","potentialAction":[{"@type":"ReadAction","target":["https:\/\/caroccitan.fr\/web\/liens\/"]}]},{"@type":"BreadcrumbList","@id":"https:\/\/caroccitan.fr\/web\/liens\/#breadcrumb","itemListElement":[{"@type":"ListItem","position":1,"name":"Accueil","item":"https:\/\/caroccitan.fr\/web\/"},{"@type":"ListItem","position":2,"name":"Liens\/Presse"}]},{"@type":"WebSite","@id":"https:\/\/caroccitan.fr\/web\/#website","url":"https:\/\/caroccitan.fr\/web\/","name":"C.A.R Occitan","description":"Club des  Amateurs d&#039;Anciennes Renault","publisher":{"@id":"https:\/\/caroccitan.fr\/web\/#organization"},"potentialAction":[{"@type":"SearchAction","target":{"@type":"EntryPoint","urlTemplate":"https:\/\/caroccitan.fr\/web\/?s={search_term_string}"},"query-input":"required name=search_term_string"}],"inLanguage":"fr-FR"},{"@type":"Organization","@id":"https:\/\/caroccitan.fr\/web\/#organization","name":"CAR OCCITAN","url":"https:\/\/caroccitan.fr\/web\/","logo":{"@type":"ImageObject","inLanguage":"fr-FR","@id":"https:\/\/caroccitan.fr\/web\/#\/schema\/logo\/image\/","url":"https:\/\/caroccitan.fr\/web\/wp-content\/uploads\/2018\/02\/historique1.jpg","contentUrl":"https:\/\/caroccitan.fr\/web\/wp-content\/uploads\/2018\/02\/historique1.jpg","width":150,"height":152,"caption":"CAR OCCITAN"},"image":{"@id":"https:\/\/caroccitan.fr\/web\/#\/schema\/logo\/image\/"}}]}},"_links":{"self":[{"href":"https:\/\/caroccitan.fr\/web\/wp-json\/wp\/v2\/pages\/935"}],"collection":[{"href":"https:\/\/caroccitan.fr\/web\/wp-json\/wp\/v2\/pages"}],"about":[{"href":"https:\/\/caroccitan.fr\/web\/wp-json\/wp\/v2\/types\/page"}],"author":[{"embeddable":true,"href":"https:\/\/caroccitan.fr\/web\/wp-json\/wp\/v2\/users\/2"}],"replies":[{"embeddable":true,"href":"https:\/\/caroccitan.fr\/web\/wp-json\/wp\/v2\/comments?post=935"}],"version-history":[{"count":48,"href":"https:\/\/caroccitan.fr\/web\/wp-json\/wp\/v2\/pages\/935\/revisions"}],"predecessor-version":[{"id":3723,"href":"https:\/\/caroccitan.fr\/web\/wp-json\/wp\/v2\/pages\/935\/revisions\/3723"}],"wp:attachment":[{"href":"https:\/\/caroccitan.fr\/web\/wp-json\/wp\/v2\/media?parent=935"}],"curies":[{"name":"wp","href":"https:\/\/api.w.org\/{rel}","templated":true}]}}